{"id":274,"date":"2023-02-23T12:55:56","date_gmt":"2023-02-23T11:55:56","guid":{"rendered":"https:\/\/12coop.com\/mas-informacion-2\/"},"modified":"2026-08-10T00:20:35","modified_gmt":"2026-08-09T22:20:35","slug":"objetivos","status":"publish","type":"page","link":"https:\/\/12coop.com\/fr\/objetivos\/","title":{"rendered":"Pourquoi 12 ?"},"content":{"rendered":"\n<div class=\"wp-block-uagb-container uagb-block-237c5de7 alignfull uagb-is-root-container\"><div class=\"uagb-container-inner-blocks-wrap\">\n<div class=\"wp-block-uagb-advanced-heading uagb-block-661ff305\"><h1 class=\"uagb-heading-text\">\u00bfPara qu\u00e9 12?<\/h1><\/div>\n\n\n\n<div class=\"wp-block-uagb-advanced-heading uagb-block-af1ebce5\"><\/div>\n<\/div><\/div>\n\n\n\n<div class=\"wp-block-uagb-container uagb-block-a4a175cf alignfull uagb-is-root-container\"><div class=\"uagb-container-inner-blocks-wrap\"><\/div><\/div>\n\n\n\n<div class=\"wp-block-uagb-container uagb-block-4d83a2be alignfull uagb-is-root-container\"><div class=\"uagb-container-inner-blocks-wrap\"><\/div><\/div>\n\n\n\n<div class=\"wp-block-uagb-container uagb-block-cc55aa90 alignfull uagb-is-root-container\"><div class=\"uagb-container-inner-blocks-wrap\">\n<div class=\"wp-block-columns is-layout-flex wp-container-core-columns-is-layout-7387b849 wp-block-columns-is-layout-flex\">\n<div class=\"wp-block-column is-layout-flow wp-block-column-is-layout-flow\">\n<p class=\"wp-block-paragraph\">Sostener la actividad pol\u00edtica radical, el sindicalismo combativo o la comunicaci\u00f3n independiente implica afrontar multas, gastos judiciales y necesidades de financiaci\u00f3n que pesan como una losa sobre los colectivos.<\/p>\n\n\n\n<p class=\"wp-block-paragraph\">Esos <strong>12 \u20ac<\/strong> de margen comercial no son un donativo: son <strong>un escudo econ\u00f3mico real para que las luchas sigan vivas<\/strong>. Gracias a la red del Aceite Solidario, demostramos que el apoyo mutuo es m\u00e1s fuerte que sus sanciones.<\/p>\n<\/div>\n\n\n\n<div class=\"wp-block-column is-layout-flow wp-block-column-is-layout-flow\">\n<div class=\"wp-block-uagb-image uagb-block-d5ab7536 wp-block-uagb-image--layout-default wp-block-uagb-image--effect-static wp-block-uagb-image--align-none\"><figure class=\"wp-block-uagb-image__figure\"><img decoding=\"async\" src=\"https:\/\/12coop.com\/wp-content\/uploads\/2026\/08\/soliradidad_organizada-1024x852.jpeg\" alt=\"\" class=\"uag-image-4095\" width=\"481\" height=\"400\" title=\"soliradidad_organizada\" loading=\"lazy\" role=\"img\" \/><\/figure><\/div>\n<\/div>\n<\/div>\n\n\n\n<p class=\"wp-block-paragraph\"><\/p>\n\n\n\n<p class=\"wp-block-paragraph\"><\/p>\n<\/div><\/div>\n\n\n\n<div class=\"wp-block-uagb-container uagb-block-1be5d7f5 alignfull uagb-is-root-container\"><div class=\"uagb-container-inner-blocks-wrap\">\n<div class=\"wp-block-columns is-layout-flex wp-container-core-columns-is-layout-7387b849 wp-block-columns-is-layout-flex\">\n<div class=\"wp-block-column is-layout-flow wp-block-column-is-layout-flow\" style=\"flex-basis:66.66%\">\n<div class=\"wp-block-uagb-image uagb-block-4a3d61be wp-block-uagb-image--layout-default wp-block-uagb-image--effect-static wp-block-uagb-image--align-none\"><figure class=\"wp-block-uagb-image__figure\"><img decoding=\"async\" src=\"https:\/\/12coop.com\/wp-content\/uploads\/2026\/08\/1-1024x851.jpeg\" alt=\"\" class=\"uag-image-4076\" width=\"515\" height=\"427\" title=\"1\" loading=\"lazy\" role=\"img\" \/><\/figure><\/div>\n<\/div>\n\n\n\n<div class=\"wp-block-column is-layout-flow wp-block-column-is-layout-flow\" style=\"flex-basis:33.33%\">\n<p class=\"wp-block-paragraph\" style=\"font-size:17px\"><strong>Resultados reales y victorias colectivas<\/strong><\/p>\n\n\n\n<p class=\"wp-block-paragraph\" style=\"font-size:15px\">La matem\u00e1tica cooperativa funciona y el impacto directo en las cajas de resistencia lo demuestra:<\/p>\n\n\n\n<p class=\"wp-block-paragraph\"><strong>M\u00e1s de 25.000 \u20ac<\/strong> para afrontar \u00edntegramente las multas y procesos judiciales de las piqueteras del 8M en Asturies y Andaluc\u00eda.<\/p>\n\n\n\n<p class=\"wp-block-paragraph\"><strong>M\u00e1s de 24.000 \u20ac<\/strong> aportados a la caja de resistencia de Las 6 de La Suiza.<\/p>\n\n\n\n<p class=\"wp-block-paragraph\"><strong>M\u00e1s de 15.000 \u20ac<\/strong> destinados a la caja de resistencia del SAT (Sindicato Andaluz de Trabajadores\/as). <\/p>\n\n\n\n<p class=\"wp-block-paragraph\">Con <strong>m\u00e1s de 30 campa\u00f1as activas<\/strong>, cada vez que llenas tu despensa con nuestro aceite est\u00e1s decidiendo qu\u00e9 trinchera quieres blindar econ\u00f3micamente.<\/p>\n\n\n\n<div class=\"wp-block-uagb-container uagb-block-c152150a\">\n<hr class=\"wp-block-separator has-alpha-channel-opacity is-style-dots\"\/>\n<\/div>\n<\/div>\n<\/div>\n<\/div><\/div>\n\n\n\n<div class=\"wp-block-uagb-container uagb-block-31f21748 alignfull uagb-is-root-container\"><div class=\"uagb-container-inner-blocks-wrap\">\n<p class=\"wp-block-paragraph\" style=\"font-size:26px\"><strong>\u00bfFormas parte de un colectivo en lucha?<\/strong><\/p>\n\n\n\n<p class=\"wp-block-paragraph\"><br>Si est\u00e1s en un sindicato, colectivo social, grupo de consumo o un medio de comunicaci\u00f3n alternativo, que necesita afrontar multas, gastos judiciales o financiar un proyecto transformador, <strong>esta herramienta tambi\u00e9n es para vosotras<\/strong>.<br>Creamos vuestro c\u00f3digo exclusivo, vuestra comunidad se activa con el aceite y vosotras recib\u00eds los ingresos directos. <\/p>\n\n\n\n<p class=\"wp-block-paragraph\"><br><strong>[Ponte en contacto con nosotras y activa tu campa\u00f1a]<\/strong><\/p>\n<\/div><\/div>\n\n\n\n<div class=\"wp-block-uagb-container uagb-block-9d93d07c alignfull uagb-is-root-container\"><div class=\"uagb-container-inner-blocks-wrap\">\n<p class=\"has-text-align-center has-ast-global-color-5-color has-ast-global-color-2-background-color has-text-color has-background has-link-color wp-elements-ba762712fe354fcfd7ab30cd25d4e022 wp-block-paragraph\" style=\"font-size:28px\"><strong>Nuestros inicios<\/strong>:<\/p>\n\n\n\t\t\t\t\t<div\n\t\t\t\t\t\tclass=\"wp-block-uagb-image-gallery uagb-block-44d0f4d1     \"\n\t\t\t\t\t\tstyle=\"\"\n\t\t\t\t\t>\n\t\t\t\t\t\t\t\t\t\t\t<div class=\"spectra-image-gallery spectra-image-gallery__layout--grid spectra-image-gallery__layout--grid-col-4 spectra-image-gallery__layout--grid-col-tab-3 spectra-image-gallery__layout--grid-col-mob-2\">\n\t\t\t\t\t\t\t\t\t\t\t<div class=\"spectra-image-gallery__media-wrapper\" data-spectra-gallery-image-id=\"1094\" tabindex=\"0\">\n\t\t\t\t\t\t\t<div class=\"spectra-image-gallery__media spectra-image-gallery__media--grid\">\n\t\t\t\t<picture>\n\t\t\t\t\t<source media=\"(min-width: 1024px)\" srcset=\"https:\/\/12coop.com\/wp-content\/uploads\/2024\/06\/Garrafa-de-Aceite-de-oliva-virgen-extra-El-corral-768x1024.jpg\">\n\t\t\t\t\t<source media=\"(min-width: 768px)\" srcset=\"https:\/\/12coop.com\/wp-content\/uploads\/2024\/06\/Garrafa-de-Aceite-de-oliva-virgen-extra-El-corral-768x1024.jpg\">\n\t\t\t\t\t<img decoding=\"async\" class=\"spectra-image-gallery__media-thumbnail spectra-image-gallery__media-thumbnail--grid\" src=\"https:\/\/12coop.com\/wp-content\/uploads\/2024\/06\/Garrafa-de-Aceite-de-oliva-virgen-extra-El-corral-225x300.jpg\" alt=\"\" loading=\"lazy\" \/>\n\t\t\t\t<\/picture>\n\t\t\t\t<div class=\"spectra-image-gallery__media-thumbnail-blurrer\"><\/div>\n\t\t\t\t\t\t\t\t\t\t\t<div class=\"spectra-image-gallery__media-thumbnail-caption-wrapper spectra-image-gallery__media-thumbnail-caption-wrapper--overlay\"><\/div>\n\t\t\t\t\t\t\t\t<\/div>\n\t\t\t\t\t\t<\/div>\n\t\t\t\t\t\t<div class=\"spectra-image-gallery__media-wrapper\" data-spectra-gallery-image-id=\"1095\" tabindex=\"0\">\n\t\t\t\t\t\t\t<div class=\"spectra-image-gallery__media spectra-image-gallery__media--grid\">\n\t\t\t\t<picture>\n\t\t\t\t\t<source media=\"(min-width: 1024px)\" srcset=\"https:\/\/12coop.com\/wp-content\/uploads\/2024\/06\/Garrafa-de-Aceite-de-oliva-virgen-extra-SAT-768x1024.jpeg\">\n\t\t\t\t\t<source media=\"(min-width: 768px)\" srcset=\"https:\/\/12coop.com\/wp-content\/uploads\/2024\/06\/Garrafa-de-Aceite-de-oliva-virgen-extra-SAT-768x1024.jpeg\">\n\t\t\t\t\t<img decoding=\"async\" class=\"spectra-image-gallery__media-thumbnail spectra-image-gallery__media-thumbnail--grid\" src=\"https:\/\/12coop.com\/wp-content\/uploads\/2024\/06\/Garrafa-de-Aceite-de-oliva-virgen-extra-SAT-225x300.jpeg\" alt=\"\" loading=\"lazy\" \/>\n\t\t\t\t<\/picture>\n\t\t\t\t<div class=\"spectra-image-gallery__media-thumbnail-blurrer\"><\/div>\n\t\t\t\t\t\t\t\t\t\t\t<div class=\"spectra-image-gallery__media-thumbnail-caption-wrapper spectra-image-gallery__media-thumbnail-caption-wrapper--overlay\"><\/div>\n\t\t\t\t\t\t\t\t<\/div>\n\t\t\t\t\t\t<\/div>\n\t\t\t\t\t\t<div class=\"spectra-image-gallery__media-wrapper\" data-spectra-gallery-image-id=\"1096\" tabindex=\"0\">\n\t\t\t\t\t\t\t<div class=\"spectra-image-gallery__media spectra-image-gallery__media--grid\">\n\t\t\t\t<picture>\n\t\t\t\t\t<source media=\"(min-width: 1024px)\" srcset=\"https:\/\/12coop.com\/wp-content\/uploads\/2024\/06\/Garrafa-de-Aceite-de-oliva-virgen-extra-La-Zarza-768x1024.jpeg\">\n\t\t\t\t\t<source media=\"(min-width: 768px)\" srcset=\"https:\/\/12coop.com\/wp-content\/uploads\/2024\/06\/Garrafa-de-Aceite-de-oliva-virgen-extra-La-Zarza-768x1024.jpeg\">\n\t\t\t\t\t<img decoding=\"async\" class=\"spectra-image-gallery__media-thumbnail spectra-image-gallery__media-thumbnail--grid\" src=\"https:\/\/12coop.com\/wp-content\/uploads\/2024\/06\/Garrafa-de-Aceite-de-oliva-virgen-extra-La-Zarza-225x300.jpeg\" alt=\"\" loading=\"lazy\" \/>\n\t\t\t\t<\/picture>\n\t\t\t\t<div class=\"spectra-image-gallery__media-thumbnail-blurrer\"><\/div>\n\t\t\t\t\t\t\t\t\t\t\t<div class=\"spectra-image-gallery__media-thumbnail-caption-wrapper spectra-image-gallery__media-thumbnail-caption-wrapper--overlay\"><\/div>\n\t\t\t\t\t\t\t\t<\/div>\n\t\t\t\t\t\t<\/div>\n\t\t\t\t\t\t<div class=\"spectra-image-gallery__media-wrapper\" data-spectra-gallery-image-id=\"1097\" tabindex=\"0\">\n\t\t\t\t\t\t\t<div class=\"spectra-image-gallery__media spectra-image-gallery__media--grid\">\n\t\t\t\t<picture>\n\t\t\t\t\t<source media=\"(min-width: 1024px)\" srcset=\"https:\/\/12coop.com\/wp-content\/uploads\/2024\/06\/Garrafa-de-Aceite-de-oliva-virgen-extra-Free-Xelj-771x1024.jpeg\">\n\t\t\t\t\t<source media=\"(min-width: 768px)\" srcset=\"https:\/\/12coop.com\/wp-content\/uploads\/2024\/06\/Garrafa-de-Aceite-de-oliva-virgen-extra-Free-Xelj-771x1024.jpeg\">\n\t\t\t\t\t<img decoding=\"async\" class=\"spectra-image-gallery__media-thumbnail spectra-image-gallery__media-thumbnail--grid\" src=\"https:\/\/12coop.com\/wp-content\/uploads\/2024\/06\/Garrafa-de-Aceite-de-oliva-virgen-extra-Free-Xelj-226x300.jpeg\" alt=\"\" loading=\"lazy\" \/>\n\t\t\t\t<\/picture>\n\t\t\t\t<div class=\"spectra-image-gallery__media-thumbnail-blurrer\"><\/div>\n\t\t\t\t\t\t\t\t\t\t\t<div class=\"spectra-image-gallery__media-thumbnail-caption-wrapper spectra-image-gallery__media-thumbnail-caption-wrapper--overlay\"><\/div>\n\t\t\t\t\t\t\t\t<\/div>\n\t\t\t\t\t\t<\/div>\n\t\t\t\t\t\t<div class=\"spectra-image-gallery__media-wrapper\" data-spectra-gallery-image-id=\"1098\" tabindex=\"0\">\n\t\t\t\t\t\t\t<div class=\"spectra-image-gallery__media spectra-image-gallery__media--grid\">\n\t\t\t\t<picture>\n\t\t\t\t\t<source media=\"(min-width: 1024px)\" srcset=\"https:\/\/12coop.com\/wp-content\/uploads\/2024\/06\/Garrafa-de-Aceite-de-oliva-virgen-extra-Asturies-8M-768x1024.jpeg\">\n\t\t\t\t\t<source media=\"(min-width: 768px)\" srcset=\"https:\/\/12coop.com\/wp-content\/uploads\/2024\/06\/Garrafa-de-Aceite-de-oliva-virgen-extra-Asturies-8M-768x1024.jpeg\">\n\t\t\t\t\t<img decoding=\"async\" class=\"spectra-image-gallery__media-thumbnail spectra-image-gallery__media-thumbnail--grid\" src=\"https:\/\/12coop.com\/wp-content\/uploads\/2024\/06\/Garrafa-de-Aceite-de-oliva-virgen-extra-Asturies-8M-225x300.jpeg\" alt=\"\" loading=\"lazy\" \/>\n\t\t\t\t<\/picture>\n\t\t\t\t<div class=\"spectra-image-gallery__media-thumbnail-blurrer\"><\/div>\n\t\t\t\t\t\t\t\t\t\t\t<div class=\"spectra-image-gallery__media-thumbnail-caption-wrapper spectra-image-gallery__media-thumbnail-caption-wrapper--overlay\"><\/div>\n\t\t\t\t\t\t\t\t<\/div>\n\t\t\t\t\t\t<\/div>\n\t\t\t\t\t\t<div class=\"spectra-image-gallery__media-wrapper\" data-spectra-gallery-image-id=\"1099\" tabindex=\"0\">\n\t\t\t\t\t\t\t<div class=\"spectra-image-gallery__media spectra-image-gallery__media--grid\">\n\t\t\t\t<picture>\n\t\t\t\t\t<source media=\"(min-width: 1024px)\" srcset=\"https:\/\/12coop.com\/wp-content\/uploads\/2024\/06\/Garrafa-de-Aceite-de-oliva-virgen-extra-CNT-768x1024.jpeg\">\n\t\t\t\t\t<source media=\"(min-width: 768px)\" srcset=\"https:\/\/12coop.com\/wp-content\/uploads\/2024\/06\/Garrafa-de-Aceite-de-oliva-virgen-extra-CNT-768x1024.jpeg\">\n\t\t\t\t\t<img decoding=\"async\" class=\"spectra-image-gallery__media-thumbnail spectra-image-gallery__media-thumbnail--grid\" src=\"https:\/\/12coop.com\/wp-content\/uploads\/2024\/06\/Garrafa-de-Aceite-de-oliva-virgen-extra-CNT-225x300.jpeg\" alt=\"\" loading=\"lazy\" \/>\n\t\t\t\t<\/picture>\n\t\t\t\t<div class=\"spectra-image-gallery__media-thumbnail-blurrer\"><\/div>\n\t\t\t\t\t\t\t\t\t\t\t<div class=\"spectra-image-gallery__media-thumbnail-caption-wrapper spectra-image-gallery__media-thumbnail-caption-wrapper--overlay\"><\/div>\n\t\t\t\t\t\t\t\t<\/div>\n\t\t\t\t\t\t<\/div>\n\t\t\t\t\t\t<div class=\"spectra-image-gallery__media-wrapper\" data-spectra-gallery-image-id=\"1101\" tabindex=\"0\">\n\t\t\t\t\t\t\t<div class=\"spectra-image-gallery__media spectra-image-gallery__media--grid\">\n\t\t\t\t<picture>\n\t\t\t\t\t<source media=\"(min-width: 1024px)\" srcset=\"https:\/\/12coop.com\/wp-content\/uploads\/2024\/06\/Garrafa-de-Aceite-de-oliva-virgen-extra-8M-768x1024.jpeg\">\n\t\t\t\t\t<source media=\"(min-width: 768px)\" srcset=\"https:\/\/12coop.com\/wp-content\/uploads\/2024\/06\/Garrafa-de-Aceite-de-oliva-virgen-extra-8M-768x1024.jpeg\">\n\t\t\t\t\t<img decoding=\"async\" class=\"spectra-image-gallery__media-thumbnail spectra-image-gallery__media-thumbnail--grid\" src=\"https:\/\/12coop.com\/wp-content\/uploads\/2024\/06\/Garrafa-de-Aceite-de-oliva-virgen-extra-8M-225x300.jpeg\" alt=\"\" loading=\"lazy\" \/>\n\t\t\t\t<\/picture>\n\t\t\t\t<div class=\"spectra-image-gallery__media-thumbnail-blurrer\"><\/div>\n\t\t\t\t\t\t\t\t\t\t\t<div class=\"spectra-image-gallery__media-thumbnail-caption-wrapper spectra-image-gallery__media-thumbnail-caption-wrapper--overlay\"><\/div>\n\t\t\t\t\t\t\t\t<\/div>\n\t\t\t\t\t\t<\/div>\n\t\t\t\t\t\t<div class=\"spectra-image-gallery__media-wrapper\" data-spectra-gallery-image-id=\"1102\" tabindex=\"0\">\n\t\t\t\t\t\t\t<div class=\"spectra-image-gallery__media spectra-image-gallery__media--grid\">\n\t\t\t\t<picture>\n\t\t\t\t\t<source media=\"(min-width: 1024px)\" srcset=\"https:\/\/12coop.com\/wp-content\/uploads\/2024\/06\/Garrafa-de-Aceite-de-oliva-virgen-extra-huerto-oliva-768x1024.jpeg\">\n\t\t\t\t\t<source media=\"(min-width: 768px)\" srcset=\"https:\/\/12coop.com\/wp-content\/uploads\/2024\/06\/Garrafa-de-Aceite-de-oliva-virgen-extra-huerto-oliva-768x1024.jpeg\">\n\t\t\t\t\t<img decoding=\"async\" class=\"spectra-image-gallery__media-thumbnail spectra-image-gallery__media-thumbnail--grid\" src=\"https:\/\/12coop.com\/wp-content\/uploads\/2024\/06\/Garrafa-de-Aceite-de-oliva-virgen-extra-huerto-oliva-225x300.jpeg\" alt=\"\" loading=\"lazy\" \/>\n\t\t\t\t<\/picture>\n\t\t\t\t<div class=\"spectra-image-gallery__media-thumbnail-blurrer\"><\/div>\n\t\t\t\t\t\t\t\t\t\t\t<div class=\"spectra-image-gallery__media-thumbnail-caption-wrapper spectra-image-gallery__media-thumbnail-caption-wrapper--overlay\"><\/div>\n\t\t\t\t\t\t\t\t<\/div>\n\t\t\t\t\t\t<\/div>\n\t\t\t\t\t\t\t\t\t\t<\/div>\n\t\t\t\t\t\t\t\t\t\t\t\t\t\t\t\t\t\t<\/div>\n\t\t\t\t\t\t\t\t\t\t\t<div class='spectra-image-gallery__control-lightbox' tabindex='0'>\n\t\t\t\t\t\t\t\t\t\t\t<div class=\"swiper spectra-image-gallery__control-lightbox--main\" dir=\"\">\n\t\t\t\t\t<div class=\"swiper-wrapper\">\n\t\t\t\t\t\t\t\t\t\t\t\t\t\n\t\t\t\t\t\t\t<div class=\"swiper-slide\">\n\t\t\t\t\t\t\t\t<img class=\"swiper-lazy\" data-src=\"https:\/\/12coop.com\/wp-content\/uploads\/2024\/06\/Garrafa-de-Aceite-de-oliva-virgen-extra-El-corral.jpg\" alt=\"\"\/>\n\t\t\t\t\t\t\t\t<div class=\"swiper-lazy-preloader swiper-lazy-preloader-white\"><\/div>\n\t\t\t\t\t\t\t\t\t\t\t\t\t\t\t<\/div>\n\t\t\t\t\t\t\t\t\t\t\t\t\t\n\t\t\t\t\t\t\t<div class=\"swiper-slide\">\n\t\t\t\t\t\t\t\t<img class=\"swiper-lazy\" data-src=\"https:\/\/12coop.com\/wp-content\/uploads\/2024\/06\/Garrafa-de-Aceite-de-oliva-virgen-extra-SAT.jpeg\" alt=\"\"\/>\n\t\t\t\t\t\t\t\t<div class=\"swiper-lazy-preloader swiper-lazy-preloader-white\"><\/div>\n\t\t\t\t\t\t\t\t\t\t\t\t\t\t\t<\/div>\n\t\t\t\t\t\t\t\t\t\t\t\t\t\n\t\t\t\t\t\t\t<div class=\"swiper-slide\">\n\t\t\t\t\t\t\t\t<img class=\"swiper-lazy\" data-src=\"https:\/\/12coop.com\/wp-content\/uploads\/2024\/06\/Garrafa-de-Aceite-de-oliva-virgen-extra-La-Zarza.jpeg\" alt=\"\"\/>\n\t\t\t\t\t\t\t\t<div class=\"swiper-lazy-preloader swiper-lazy-preloader-white\"><\/div>\n\t\t\t\t\t\t\t\t\t\t\t\t\t\t\t<\/div>\n\t\t\t\t\t\t\t\t\t\t\t\t\t\n\t\t\t\t\t\t\t<div class=\"swiper-slide\">\n\t\t\t\t\t\t\t\t<img class=\"swiper-lazy\" data-src=\"https:\/\/12coop.com\/wp-content\/uploads\/2024\/06\/Garrafa-de-Aceite-de-oliva-virgen-extra-Free-Xelj.jpeg\" alt=\"\"\/>\n\t\t\t\t\t\t\t\t<div class=\"swiper-lazy-preloader swiper-lazy-preloader-white\"><\/div>\n\t\t\t\t\t\t\t\t\t\t\t\t\t\t\t<\/div>\n\t\t\t\t\t\t\t\t\t\t\t\t\t\n\t\t\t\t\t\t\t<div class=\"swiper-slide\">\n\t\t\t\t\t\t\t\t<img class=\"swiper-lazy\" data-src=\"https:\/\/12coop.com\/wp-content\/uploads\/2024\/06\/Garrafa-de-Aceite-de-oliva-virgen-extra-Asturies-8M.jpeg\" alt=\"\"\/>\n\t\t\t\t\t\t\t\t<div class=\"swiper-lazy-preloader swiper-lazy-preloader-white\"><\/div>\n\t\t\t\t\t\t\t\t\t\t\t\t\t\t\t<\/div>\n\t\t\t\t\t\t\t\t\t\t\t\t\t\n\t\t\t\t\t\t\t<div class=\"swiper-slide\">\n\t\t\t\t\t\t\t\t<img class=\"swiper-lazy\" data-src=\"https:\/\/12coop.com\/wp-content\/uploads\/2024\/06\/Garrafa-de-Aceite-de-oliva-virgen-extra-CNT.jpeg\" alt=\"\"\/>\n\t\t\t\t\t\t\t\t<div class=\"swiper-lazy-preloader swiper-lazy-preloader-white\"><\/div>\n\t\t\t\t\t\t\t\t\t\t\t\t\t\t\t<\/div>\n\t\t\t\t\t\t\t\t\t\t\t\t\t\n\t\t\t\t\t\t\t<div class=\"swiper-slide\">\n\t\t\t\t\t\t\t\t<img class=\"swiper-lazy\" data-src=\"https:\/\/12coop.com\/wp-content\/uploads\/2024\/06\/Garrafa-de-Aceite-de-oliva-virgen-extra-8M.jpeg\" alt=\"\"\/>\n\t\t\t\t\t\t\t\t<div class=\"swiper-lazy-preloader swiper-lazy-preloader-white\"><\/div>\n\t\t\t\t\t\t\t\t\t\t\t\t\t\t\t<\/div>\n\t\t\t\t\t\t\t\t\t\t\t\t\t\n\t\t\t\t\t\t\t<div class=\"swiper-slide\">\n\t\t\t\t\t\t\t\t<img class=\"swiper-lazy\" data-src=\"https:\/\/12coop.com\/wp-content\/uploads\/2024\/06\/Garrafa-de-Aceite-de-oliva-virgen-extra-huerto-oliva.jpeg\" alt=\"\"\/>\n\t\t\t\t\t\t\t\t<div class=\"swiper-lazy-preloader swiper-lazy-preloader-white\"><\/div>\n\t\t\t\t\t\t\t\t\t\t\t\t\t\t\t<\/div>\n\t\t\t\t\t\t\t\t\t\t\t<\/div>\n\t\t\t\t\t<div class=\"swiper-button-next\"><\/div>\n\t\t\t\t\t<div class=\"swiper-button-prev\"><\/div>\n\t\t\t\t<\/div>\t\t\t\n\t\t\t\t\t\t\t\t\t\t\t\t\t\t\t\t\t\t\t\t\t\t\t\t\t\t\t\t\t\t\t\t<button class='spectra-image-gallery__control-lightbox--close' aria-label=\"Close\">\n\t\t\t\t\t\t\t\t\t\t\t\t\t<svg xmlns=\"https:\/\/www.w3.org\/2000\/svg\" viewBox= \"0 0 384 512\"><path d=\"M376.6 427.5c11.31 13.58 9.484 33.75-4.094 45.06c-5.984 4.984-13.25 7.422-20.47 7.422c-9.172 0-18.27-3.922-24.59-11.52L192 305.1l-135.4 162.5c-6.328 7.594-15.42 11.52-24.59 11.52c-7.219 0-14.48-2.438-20.47-7.422c-13.58-11.31-15.41-31.48-4.094-45.06l142.9-171.5L7.422 84.5C-3.891 70.92-2.063 50.75 11.52 39.44c13.56-11.34 33.73-9.516 45.06 4.094L192 206l135.4-162.5c11.3-13.58 31.48-15.42 45.06-4.094c13.58 11.31 15.41 31.48 4.094 45.06l-142.9 171.5L376.6 427.5z\"><\/path><\/svg>\n\t\t\t\t\t\t\t\t\t\t\t\t<\/button>\n\t\t\t\t\t\t\t\t\t\t\t\t\t<\/div>\n\t\t\t\t\t\t\t\t\t<\/div><\/div>\n\n\n\n<div class=\"wp-block-uagb-container uagb-block-79cb8981 alignfull uagb-is-root-container\"><div class=\"uagb-container-inner-blocks-wrap\"><\/div><\/div>\n\n\n\n<div class=\"wp-block-uagb-container uagb-block-39eed623 alignfull uagb-is-root-container\"><div class=\"uagb-container-inner-blocks-wrap\"><\/div><\/div>\n","protected":false},"excerpt":{"rendered":"<p>\u00bfPara qu\u00e9 12? Sostener la actividad pol\u00edtica radical, el sindicalismo combativo o la comunicaci\u00f3n independiente implica afrontar multas, gastos judiciales y necesidades de financiaci\u00f3n que pesan como una losa sobre los colectivos. Esos 12 \u20ac de margen comercial no son un donativo: son un escudo econ\u00f3mico real para que las luchas sigan vivas. Gracias a [&hellip;]<\/p>\n","protected":false},"author":1,"featured_media":0,"parent":0,"menu_order":0,"comment_status":"closed","ping_status":"closed","template":"","meta":{"_uag_custom_page_level_css":"","site-sidebar-layout":"default","site-content-layout":"","ast-site-content-layout":"default","site-content-style":"default","site-sidebar-style":"default","ast-global-header-display":"","ast-banner-title-visibility":"","ast-main-header-display":"","ast-hfb-above-header-display":"","ast-hfb-below-header-display":"","ast-hfb-mobile-header-display":"","site-post-title":"disabled","ast-breadcrumbs-content":"","ast-featured-img":"","footer-sml-layout":"","ast-disable-related-posts":"","theme-transparent-header-meta":"","adv-header-id-meta":"","stick-header-meta":"","header-above-stick-meta":"","header-main-stick-meta":"","header-below-stick-meta":"","astra-migrate-meta-layouts":"set","ast-page-background-enabled":"default","ast-page-background-meta":{"desktop":{"background-color":"var(--ast-global-color-4)","background-image":"","background-repeat":"repeat","background-position":"center center","background-size":"auto","background-attachment":"scroll","background-type":"","background-media":"","overlay-type":"","overlay-color":"","overlay-opacity":"","overlay-gradient":""},"tablet":{"background-color":"","background-image":"","background-repeat":"repeat","background-position":"center center","background-size":"auto","background-attachment":"scroll","background-type":"","background-media":"","overlay-type":"","overlay-color":"","overlay-opacity":"","overlay-gradient":""},"mobile":{"background-color":"","background-image":"","background-repeat":"repeat","background-position":"center center","background-size":"auto","background-attachment":"scroll","background-type":"","background-media":"","overlay-type":"","overlay-color":"","overlay-opacity":"","overlay-gradient":""}},"ast-content-background-meta":{"desktop":{"background-color":"var(--ast-global-color-5)","background-image":"","background-repeat":"repeat","background-position":"center center","background-size":"auto","background-attachment":"scroll","background-type":"","background-media":"","overlay-type":"","overlay-color":"","overlay-opacity":"","overlay-gradient":""},"tablet":{"background-color":"var(--ast-global-color-5)","background-image":"","background-repeat":"repeat","background-position":"center center","background-size":"auto","background-attachment":"scroll","background-type":"","background-media":"","overlay-type":"","overlay-color":"","overlay-opacity":"","overlay-gradient":""},"mobile":{"background-color":"var(--ast-global-color-5)","background-image":"","background-repeat":"repeat","background-position":"center center","background-size":"auto","background-attachment":"scroll","background-type":"","background-media":"","overlay-type":"","overlay-color":"","overlay-opacity":"","overlay-gradient":""}},"footnotes":""},"class_list":["post-274","page","type-page","status-publish","hentry"],"uagb_featured_image_src":{"full":false,"thumbnail":false,"medium":false,"medium_large":false,"large":false,"1536x1536":false,"2048x2048":false,"trp-custom-language-flag":false,"woocommerce_thumbnail":false,"woocommerce_single":false,"woocommerce_gallery_thumbnail":false},"uagb_author_info":{"display_name":"Administrador","author_link":"https:\/\/12coop.com\/fr\/author\/12coop2023gmail-com\/"},"uagb_comment_info":0,"uagb_excerpt":"\u00bfPara qu\u00e9 12? Sostener la actividad pol\u00edtica radical, el sindicalismo combativo o la comunicaci\u00f3n independiente implica afrontar multas, gastos judiciales y necesidades de financiaci\u00f3n que pesan como una losa sobre los colectivos. Esos 12 \u20ac de margen comercial no son un donativo: son un escudo econ\u00f3mico real para que las luchas sigan vivas. Gracias a\u2026","jetpack_sharing_enabled":true,"_links":{"self":[{"href":"https:\/\/12coop.com\/fr\/wp-json\/wp\/v2\/pages\/274","targetHints":{"allow":["GET"]}}],"collection":[{"href":"https:\/\/12coop.com\/fr\/wp-json\/wp\/v2\/pages"}],"about":[{"href":"https:\/\/12coop.com\/fr\/wp-json\/wp\/v2\/types\/page"}],"author":[{"embeddable":true,"href":"https:\/\/12coop.com\/fr\/wp-json\/wp\/v2\/users\/1"}],"replies":[{"embeddable":true,"href":"https:\/\/12coop.com\/fr\/wp-json\/wp\/v2\/comments?post=274"}],"version-history":[{"count":69,"href":"https:\/\/12coop.com\/fr\/wp-json\/wp\/v2\/pages\/274\/revisions"}],"predecessor-version":[{"id":4150,"href":"https:\/\/12coop.com\/fr\/wp-json\/wp\/v2\/pages\/274\/revisions\/4150"}],"wp:attachment":[{"href":"https:\/\/12coop.com\/fr\/wp-json\/wp\/v2\/media?parent=274"}],"curies":[{"name":"wp","href":"https:\/\/api.w.org\/{rel}","templated":true}]}}